{"version":"1.0","provider_name":"Olszty\u0144skie Stowarzyszenie Modelarzy &quot;Warmia&quot;","provider_url":"https:\/\/modelarzeolsztyn.pl","author_name":"xychu","author_url":"https:\/\/modelarzeolsztyn.pl\/index.php\/author\/xychu\/","title":"Wkr\u00f3tce zapisy! - Olszty\u0144skie Stowarzyszenie Modelarzy &quot;Warmia&quot;","type":"rich","width":600,"height":338,"html":"<blockquote class=\"wp-embedded-content\" data-secret=\"Bunl1AsMUk\"><a href=\"https:\/\/modelarzeolsztyn.pl\/index.php\/2022\/03\/29\/wkrotce-zapisy\/\">Wkr\u00f3tce zapisy!<\/a><\/blockquote><iframe sandbox=\"allow-scripts\" security=\"restricted\" src=\"https:\/\/modelarzeolsztyn.pl\/index.php\/2022\/03\/29\/wkrotce-zapisy\/embed\/#?secret=Bunl1AsMUk\" width=\"600\" height=\"338\" title=\"&#8222;Wkr\u00f3tce zapisy!&#8221; &#8212; Olszty\u0144skie Stowarzyszenie Modelarzy &quot;Warmia&quot;\" data-secret=\"Bunl1AsMUk\" frameborder=\"0\" marginwidth=\"0\" marginheight=\"0\" scrolling=\"no\" class=\"wp-embedded-content\"><\/iframe><script type=\"text\/javascript\">\n\/* <![CDATA[ *\/\n\/*! This file is auto-generated *\/\n!function(d,l){\"use strict\";l.querySelector&&d.addEventListener&&\"undefined\"!=typeof URL&&(d.wp=d.wp||{},d.wp.receiveEmbedMessage||(d.wp.receiveEmbedMessage=function(e){var t=e.data;if((t||t.secret||t.message||t.value)&&!\/[^a-zA-Z0-9]\/.test(t.secret)){for(var s,r,n,a=l.querySelectorAll('iframe[data-secret=\"'+t.secret+'\"]'),o=l.querySelectorAll('blockquote[data-secret=\"'+t.secret+'\"]'),c=new RegExp(\"^https?:$\",\"i\"),i=0;i<o.length;i++)o[i].style.display=\"none\";for(i=0;i<a.length;i++)s=a[i],e.source===s.contentWindow&&(s.removeAttribute(\"style\"),\"height\"===t.message?(1e3<(r=parseInt(t.value,10))?r=1e3:~~r<200&&(r=200),s.height=r):\"link\"===t.message&&(r=new URL(s.getAttribute(\"src\")),n=new URL(t.value),c.test(n.protocol))&&n.host===r.host&&l.activeElement===s&&(d.top.location.href=t.value))}},d.addEventListener(\"message\",d.wp.receiveEmbedMessage,!1),l.addEventListener(\"DOMContentLoaded\",function(){for(var e,t,s=l.querySelectorAll(\"iframe.wp-embedded-content\"),r=0;r<s.length;r++)(t=(e=s[r]).getAttribute(\"data-secret\"))||(t=Math.random().toString(36).substring(2,12),e.src+=\"#?secret=\"+t,e.setAttribute(\"data-secret\",t)),e.contentWindow.postMessage({message:\"ready\",secret:t},\"*\")},!1)))}(window,document);\n\/* ]]> *\/\n<\/script>\n","thumbnail_url":"https:\/\/modelarzeolsztyn.pl\/wp-content\/uploads\/2022\/03\/EWRC-2019_registration_get-ready.jpg","thumbnail_width":700,"thumbnail_height":433,"description":"Witamy. Rejestracja zostanie uruchomiona 8 kwietnia i potrwa do czwartku 21 kwietnia do 24.00. Pi\u0105tek przeznaczamy na wydruk kart startowych. W\u015br\u00f3d uczestnik\u00f3w, kt\u00f3rzy zarejestruj\u0105 si\u0119 do 21 kwietnia rozlosujemy nagrod\u0119. Zdecydowanie prosimy nie nastawia\u0107 si\u0119 na rejestracj\u0119 po przyje\u017adzie na miejsce, to u\u0142\u0105twi \u017cycie wszystkim (organizatorzy szybciej wszystko ogarn\u0105 a uczestnicy nie b\u0119d\u0105 traci\u0107 czasu).Wi\u0119cej o[...]"}